{"id":609,"date":"2014-06-19T23:27:09","date_gmt":"2014-06-19T21:27:09","guid":{"rendered":"http:\/\/luberongite.fr\/provence\/?page_id=609"},"modified":"2014-12-10T18:06:30","modified_gmt":"2014-12-10T17:06:30","slug":"via-ferrata-de-cavaillon","status":"publish","type":"page","link":"https:\/\/luberongite.fr\/provence\/via-ferrata-de-cavaillon\/","title":{"rendered":"Via Ferrata de Cavaillon"},"content":{"rendered":"<p style=\"text-align: justify;\">Deux parcours ludiques et sportifs, entre ciel et terre, sur les falaises de la colline Saint-Jacques.<\/p>\n<div class=\"su-row\"><div class=\"su-column su-column-size-2-3\"><div class=\"su-column-inner su-u-clearfix su-u-trim\">\nLa Via Ferrata de Cavaillon est ouverte\u00a0depuis le 1er juin 2013. Elle est accessible en quelques minutes \u00e0 pied depuis le centre ville.<\/p>\n<p>A mi-chemin entre l&rsquo;escalade et de la\u00a0randonn\u00e9e, deux parcours en boucle vous permettront de d\u00e9couvrir sous un angle nouveau le milieu naturel de la colline et de profiter de somptueux panoramas sur la vieille ville, le Luberon, le Ventoux et les Monts de Vaucluse&#8230;<\/p>\n<\/div><\/div>\n<div class=\"su-column su-column-size-1-3\"><div class=\"su-column-inner su-u-clearfix su-u-trim\"><img loading=\"lazy\" decoding=\"async\" class=\"alignright wp-image-634 size-medium\" src=\"http:\/\/luberongite.fr\/provence\/wp-content\/uploads\/2014\/06\/Via_Ferrata_Cavaillon_Photo_Sam_BIE_2_1000x668-300x200.jpg\" alt=\"Via Ferrata Cavaillon.\" width=\"300\" height=\"200\" srcset=\"https:\/\/luberongite.fr\/provence\/wp-content\/uploads\/2014\/06\/Via_Ferrata_Cavaillon_Photo_Sam_BIE_2_1000x668-300x200.jpg 300w, https:\/\/luberongite.fr\/provence\/wp-content\/uploads\/2014\/06\/Via_Ferrata_Cavaillon_Photo_Sam_BIE_2_1000x668-960x641.jpg 960w, https:\/\/luberongite.fr\/provence\/wp-content\/uploads\/2014\/06\/Via_Ferrata_Cavaillon_Photo_Sam_BIE_2_1000x668.jpg 1000w\" sizes=\"auto, (max-width: 300px) 100vw, 300px\" \/><\/div><\/div><\/div>\n<p style=\"text-align: justify;\"><strong><span style=\"text-decoration: underline;\">Acc\u00e8s:<br \/>\n<\/span><\/strong>En 20 minutes \u00e0 pied depuis l&rsquo;Office de Tourisme (par la mont\u00e9e C\u00e9sar de Bus, escalier \u00e0 droite de l&rsquo;Office de Tourisme). Ouvert toute l&rsquo;ann\u00e9e (sauf recommandations m\u00e9t\u00e9o particuli\u00e8res). L&rsquo;acc\u00e8s est libre et gratuit (si vous disposez de votre mat\u00e9riel). Location du mat\u00e9riel 12\u20ac.<\/p>\n<p style=\"text-align: justify;\"><strong><span style=\"text-decoration: underline;\">Descriptif g\u00e9n\u00e9ral:<\/span><br \/>\n1)\u00a0<\/strong>Boucle<strong> \u00ab\u00a0Via Natura\u00a0\u00bb Itin\u00e9raire d\u00e9couverte<\/strong>: Une premi\u00e8re partie familiale baptis\u00e9e \u00ab\u00a0Via Natura\u00a0\u00bb permet de d\u00e9couvrir la vie des falaises \u00e0 partir de terrasses d&rsquo;observation et d&rsquo;interpr\u00e9tation. En plus de l&rsquo;approche ludique et sportive, ces plateformes int\u00e9gr\u00e9es au coeur de jardins suspendus rythment et animent le parcours pour en faire un produit touristique et de d\u00e9couverte innovant. Caract\u00e9ristiques: R\u00e9serv\u00e9e aux + 1.30m \/ Exposition sud- est \/ Dur\u00e9e 2h. Niveau de difficult\u00e9 AD.<\/p>\n<p style=\"text-align: justify;\">Agr\u00e8s: \u00e9chelons, ponts de singe, poutres, passerelles et terrasses d&rsquo;interpr\u00e9tation.<\/p>\n<p style=\"text-align: justify;\"><strong>2)<\/strong>\u00a0Boucle <strong>\u00ab\u00a0Via Souterrata\u00a0\u00bb <\/strong>Itin\u00e9raire sportif: Une deuxi\u00e8me partie plus sportive baptis\u00e9e \u00ab\u00a0Via Souterrata\u00a0\u00bb traverse les grottes du Colombier avant de franchir les Beaumes de Combarelles par des \u00e9quipements spectaculaires. Ce parcours original, ludique et p\u00e9dagogique offre une approche novatrice du paysage et du relief si particulier des falaises de la colline, pour mieux comprendre son fonctionnement et son \u00e9volution. Caract\u00e9ristiques: R\u00e9serv\u00e9 aux + 1.50m \/ Exposition est\/ Dur\u00e9e 2h. Niveau de difficult\u00e9 TD.<\/p>\n<p style=\"text-align: justify;\">Agr\u00e8s: ponts de grotte, \u00e9chelle de grotte, passages verticaux, boyaux souterrains et terrasses d&rsquo;interpr\u00e9tation.<\/p>\n<p style=\"text-align: justify;\"><span style=\"text-decoration: underline;\"><strong>Les niveaux de difficult\u00e9:<br \/>\n<\/strong><\/span><br \/>\nChaque via ferrata poss\u00e8de sa propre cotation de difficult\u00e9.<img loading=\"lazy\" decoding=\"async\" class=\"alignright wp-image-631 size-medium\" src=\"http:\/\/luberongite.fr\/provence\/wp-content\/uploads\/2014\/06\/Cavaillon_SamBIE_D6A0274-300x200.jpg\" alt=\"Via Ferrata Cavaillon.\" width=\"300\" height=\"200\" srcset=\"https:\/\/luberongite.fr\/provence\/wp-content\/uploads\/2014\/06\/Cavaillon_SamBIE_D6A0274-300x200.jpg 300w, https:\/\/luberongite.fr\/provence\/wp-content\/uploads\/2014\/06\/Cavaillon_SamBIE_D6A0274.jpg 500w\" sizes=\"auto, (max-width: 300px) 100vw, 300px\" \/><\/p>\n<p style=\"text-align: justify;\"><strong>F<\/strong> : Facile<br \/>\n<strong>PD<\/strong> : peu difficile<br \/>\n<strong>AD<\/strong> : assez difficile<br \/>\n<strong>D<\/strong> : difficile<br \/>\n<strong>TD<\/strong> : tr\u00e8s difficile<br \/>\n<strong>ED<\/strong> : extr\u00eamement difficile<\/p>\n<p style=\"text-align: justify;\">Ces cotations sont parfois suivies d&rsquo;un + ou d&rsquo;un &#8211; pour pr\u00e9ciser la difficult\u00e9. Les via ferrata cot\u00e9es F et PD repr\u00e9sentent des difficult\u00e9s relativement modestes, permettant l&rsquo;acc\u00e8s \u00e0 tous, m\u00eame au jeunes enfants. Les via ferrata cot\u00e9es AD et D, sont des itin\u00e9raires un peu plus techniques tout en restant accessible \u00e0 la d\u00e9couverte. Les via ferrata cot\u00e9es TD et ED demandent d\u00e9j\u00e0 une bonne r\u00e9sistance \u00e0 l&rsquo;effort et une certaine force.<\/p>\n<p style=\"text-align: justify;\"><div class=\"su-vimeo su-u-responsive-media-yes\"><iframe loading=\"lazy\" width=\"560\" height=\"200\" src=\"\/\/player.vimeo.com\/video\/65138932?title=0&amp;byline=0&amp;portrait=0&amp;color=ffffff&amp;autoplay=0&amp;dnt=0&amp;muted=0&amp;texttrack=\" frameborder=\"0\" allow=\"autoplay; fullscreen\" allowfullscreen title=\"\"><\/iframe><\/div>\n<p style=\"text-align: justify;\"><span style=\"text-decoration: underline;\"><strong>Mat\u00e9riel indispensable:<\/strong><\/span><br \/>\nBaudrier, casque, longe Y avec absorbeur d&rsquo;\u00e9nergie. Chaussures adapt\u00e9es. Pr\u00e9voyez: eau, nourriture, casquette, lunettes de soleil, sac \u00e0 dos.<\/p>\n<p style=\"text-align: justify;\"><strong><span style=\"text-decoration: underline;\">Renseignements:<\/span><\/strong><\/p>\n<p style=\"text-align: justify;\">Office de Tourisme intercommunal Cavaillon-Luberon<br \/>\nT\u00e9l.: 04 90 71 32 01<br \/>\n<a title=\"D\u00e9pliant Via Ferrata Cavaillon\" href=\"http:\/\/luberongite.fr\/provence\/wp-content\/uploads\/2014\/06\/D\u00e9pliant-via-ferrata-SD.pdf\" target=\"_blank\"><strong>D\u00e9pliant PDF<\/strong><\/a><\/p>\n<p style=\"text-align: justify;\"><strong><span style=\"text-decoration: underline;\">Consignes de s\u00e9curit\u00e9:<\/span><br \/>\n<\/strong>Vous pratiquez cette activit\u00e9 sous votre enti\u00e8re responsabilit\u00e9. Nous vous recommandons, en particulier aux d\u00e9butants, l&rsquo;encadrement par un professionnel.\u00a0Si vous ne ma\u00eetrisez pas pleinement les techniques d&rsquo;assurance et de progression, faites appel \u00e0 un professionnel de l&rsquo;activit\u00e9.\u00a0Il est recommand\u00e9 pour les personnes mineures d&rsquo;\u00eatre accompagn\u00e9es d&rsquo;un adulte.\u00a0Engagez-vous uniquement par conditions m\u00e9t\u00e9orologiques favorables.\u00a0Privil\u00e9giez la progression encord\u00e9e.\u00a0Ne vous \u00e9cartez pas de l&rsquo;itin\u00e9raire \u00e9quip\u00e9.<\/p>\n<p style=\"text-align: justify;\"><strong><span style=\"text-decoration: underline;\">Avertissement:<\/span><br \/>\n<\/strong>Risque de chute en cas d&rsquo;\u00e9volution en sommet de falaise.<br \/>\nInterdiction de jeter des pierres.<br \/>\nInterdiction de fumer.<br \/>\nPensez \u00e0 remporter vos d\u00e9chets.<\/p>\n<p style=\"text-align: justify;\"><strong><span style=\"text-decoration: underline;\">En cas d&rsquo;accident:<\/span><br \/>\n<\/strong>Sapeurs pompiers appelez le <strong>18<\/strong> ou <strong>112<\/strong>.<strong><br \/>\n<\/strong><\/p>\n<p><strong><span style=\"text-decoration: underline;\">Location et achat du mat\u00e9riel:<\/span><br \/>\n<\/strong><\/p>\n<ul>\n<li>Cyclix<\/li>\n<li>JP Cycles<\/li>\n<li>D\u00e9cathlon Cavaillon (achat uniquement)<\/li>\n<\/ul>\n<p><strong><span style=\"text-decoration: underline;\">Les guides accompagnateurs:<\/span><br \/>\n<\/strong>(Nous vous recommandons, en particulier aux d\u00e9butants,\u00a0l&rsquo;encadrement par un professionnel.)<strong><br \/>\n<\/strong><\/p>\n<p><strong>David Malbos<\/strong><br \/>\nT\u00e9l. 06 70 17 36 26 &#8211; www.verticalsession.com<br \/>\nMail : david.malbos@laposte.net<br \/>\nTarifs : 35 \u20ac par personne, mat\u00e9riel inclus<br \/>\nEncadrement : de 2 \u00e0 8 personnes<\/p>\n<p><strong>Lorraine Lenoir<\/strong><br \/>\nT\u00e9l. 06 86 27 10 27<br \/>\nMail : lenoir.lorraine@gmail.com<br \/>\nTarifs : 35 \u20ac par personne, mat\u00e9riel inclus<br \/>\nEncadrement : de 2 \u00e0 8 personnes<\/p>\n<p><strong>Fr\u00e9d\u00e9ric Saval<\/strong><br \/>\nT\u00e9l. 06 88 73 50 97<br \/>\nMail : f.saval@laposte.net<br \/>\nTarifs : \u00e0 partir de 35 \u20ac, mat\u00e9riel inclus<br \/>\nEncadrement : maxi 6 personnes<\/p>\n<p><strong>Franck Gaudini<\/strong><br \/>\nT\u00e9l. 06 66 20 80 36<br \/>\nwww.provence-escalade-buoux.com<br \/>\nMail : franck.gaudini@free.fr<br \/>\nTarif : \u00e0 partir de 35 \u20ac, mat\u00e9riel inclus<br \/>\nEncadrement : maxi 6 personnes<\/p>\n","protected":false},"excerpt":{"rendered":"<p>Deux parcours ludiques et sportifs, entre ciel et terre, sur les falaises de la colline Saint-Jacques. Acc\u00e8s: En 20 minutes \u00e0 pied depuis l&rsquo;Office de Tourisme (par la mont\u00e9e C\u00e9sar de Bus, escalier \u00e0 droite de l&rsquo;Office de Tourisme). Ouvert toute l&rsquo;ann\u00e9e (sauf recommandations m\u00e9t\u00e9o particuli\u00e8res). L&rsquo;acc\u00e8s est libre et &#8230;<\/p>\n","protected":false},"author":1,"featured_media":0,"parent":0,"menu_order":0,"comment_status":"closed","ping_status":"open","template":"","meta":{"jetpack_post_was_ever_published":false,"footnotes":""},"class_list":["post-609","page","type-page","status-publish","hentry","column","threecol"],"jetpack_sharing_enabled":true,"jetpack_shortlink":"https:\/\/wp.me\/P4ubkp-9P","jetpack_likes_enabled":true,"_links":{"self":[{"href":"https:\/\/luberongite.fr\/provence\/wp-json\/wp\/v2\/pages\/609","targetHints":{"allow":["GET"]}}],"collection":[{"href":"https:\/\/luberongite.fr\/provence\/wp-json\/wp\/v2\/pages"}],"about":[{"href":"https:\/\/luberongite.fr\/provence\/wp-json\/wp\/v2\/types\/page"}],"author":[{"embeddable":true,"href":"https:\/\/luberongite.fr\/provence\/wp-json\/wp\/v2\/users\/1"}],"replies":[{"embeddable":true,"href":"https:\/\/luberongite.fr\/provence\/wp-json\/wp\/v2\/comments?post=609"}],"version-history":[{"count":0,"href":"https:\/\/luberongite.fr\/provence\/wp-json\/wp\/v2\/pages\/609\/revisions"}],"wp:attachment":[{"href":"https:\/\/luberongite.fr\/provence\/wp-json\/wp\/v2\/media?parent=609"}],"curies":[{"name":"wp","href":"https:\/\/api.w.org\/{rel}","templated":true}]}}